{"id":165,"date":"2023-10-02T20:33:01","date_gmt":"2023-10-02T18:33:01","guid":{"rendered":"https:\/\/katedra.sk\/folyoirat\/?page_id=165"},"modified":"2023-10-02T20:33:15","modified_gmt":"2023-10-02T18:33:15","slug":"a-katedra-folyoirat-profilja","status":"publish","type":"page","link":"https:\/\/katedra.sk\/folyoirat\/a-katedra-folyoirat-profilja\/","title":{"rendered":"A Katedra foly\u00f3irat profilja"},"content":{"rendered":"<div lang=\"hu\">A\u00a0Katedra foly\u00f3irat a\u00a0<strong>Katedra csoport<\/strong>\u00a0r\u00e9sz\u00e9t k\u00e9pezi, amely m\u00e1s-m\u00e1s tev\u00e9kenys\u00e9get megval\u00f3s\u00edt\u00f3, m\u00e9gis k\u00f6z\u00f6s c\u00e9lokat k\u00f6vet\u0151 h\u00e1rom egys\u00e9gb\u0151l \u00e1ll: a\u00a0Katedra foly\u00f3iratb\u00f3l, a\u00a0Katedra-versenyekb\u0151l \u00e9s\u00a0a\u00a0Katedra T\u00e1rsas\u00e1gb\u00f3l.\u00a0Minden egys\u00e9g a\u00a0maga eszk\u00f6zeivel, lehet\u0151s\u00e9geivel t\u00f6rekszik a\u00a0felvid\u00e9ki nevel\u0151-oktat\u00f3 munka, a\u00a0k\u00f6zoktat\u00e1s, \u00e9s\u00a0a\u00a0pedag\u00f3gusk\u00e9pz\u00e9s folyamatos min\u0151s\u00e9g\u00e9nek el\u0151mozd\u00edt\u00e1s\u00e1ra, emel\u00e9s\u00e9re.<\/div>\n<div lang=\"hu\"><\/div>\n<div lang=\"hu\">A\u00a0Katedra foly\u00f3irat egy\u00a0Szlov\u00e1ki\u00e1ban megjelen\u0151 pedag\u00f3giai-szakm\u00f3dszertani havilap, ami a\u00a0tan\u00e9vet k\u00eds\u00e9rve \u00e9vfolyamonk\u00e9nt t\u00edzszer, szeptembert\u0151l j\u00faniusig jelenik meg. Els\u0151 sz\u00e1ma 1993-ban l\u00e1tott napvil\u00e1got a\u00a0Lilium Aurum Kiad\u00f3 gondoz\u00e1s\u00e1ban, k\u00e9s\u0151bb a\u00a0Katedra Alap\u00edtv\u00e1ny v\u00e1llalta fel a\u00a0m\u0171k\u00f6dtet\u00e9s\u00e9t. 2021 \u0151sz\u00e9t\u0151l, a\u00a0XXIX. \u00e9vfolyamt\u00f3l kiz\u00e1r\u00f3lag elektronikus form\u00e1ban \u00e9rhet\u0151 el, \u00e9s\u00a0mindig az\u00a0adott h\u00f3nap els\u0151 munkanapj\u00e1n jelenik meg.<\/div>\n<div lang=\"hu\"><\/div>\n<div lang=\"hu\">A\u00a02022. \u00e1prilisi lapsz\u00e1mot a\u00a0Katedra Alap\u00edtv\u00e1ny \u00e9s\u00a0a\u00a0Katedra Polg\u00e1ri T\u00e1rsul\u00e1s k\u00f6z\u00f6s kiad\u00e1sban adta ki, 2022 m\u00e1jus\u00e1t\u00f3l a\u00a0Katedra foly\u00f3irat fenntart\u00f3ja egyed\u00fcl a\u00a0Katedra Polg\u00e1ri T\u00e1rsul\u00e1s. A\u00a0k\u00e9t szervezet 2022 m\u00e1rcius\u00e1ban k\u00f6t\u00f6tte meg a\u00a0jogfolytonoss\u00e1gr\u00f3l sz\u00f3l\u00f3 szerz\u0151d\u00e9st egym\u00e1s k\u00f6z\u00f6tt.<\/div>\n<div lang=\"hu\"><\/div>\n<div lang=\"hu\">A\u00a0foly\u00f3irat els\u0151dleges c\u00e9lja a\u00a0felvid\u00e9ki magyar oktat\u00e1si-nevel\u00e9si folyamatokat \u00e9rint\u0151 aktu\u00e1lis \u00e9s\u00a0stra\u00adt\u00e9giai jelleg\u0171 probl\u00e9m\u00e1k megvitat\u00e1sa, a\u00a0k\u00f6zoktat\u00e1ssal \u00e9s\u00a0fels\u0151oktat\u00e1ssal \u00f6sszef\u00fcgg\u0151 alapvet\u0151 k\u00e9rd\u00e9sek felt\u00e1r\u00e1sa, a\u00a0kurrens szakt\u00e1rgyi \u00e9s\u00a0szakm\u00f3dszertani ismeretek k\u00f6zvet\u00edt\u00e9se, a\u00a0legfrissebb pedag\u00f3giai-didaktikai \u00e9s\u00a0oktat\u00e1spolitikai kutat\u00e1sok prezent\u00e1l\u00e1sa \u00e9s\u00a0az\u00a0oktat\u00e1s\u00fcgybeli j\u00f3 gyakorlatok n\u00e9pszer\u0171s\u00edt\u00e9se.\u00a0Ennek f\u00e9ny\u00e9ben a\u00a0foly\u00f3irat c\u00e9lk\u00f6z\u00f6ns\u00e9g\u00e9t (els\u0151sorban) a\u00a0felvid\u00e9ki magyar k\u00f6zoktat\u00e1s, fels\u0151oktat\u00e1s szerepl\u0151i \u00e9s\u00a0ir\u00e1ny\u00edt\u00f3i, illetve az\u00a0eg\u00e9sz K\u00e1rp\u00e1t-medenc\u00e9ben r\u00e9sztvev\u0151, magyar oktat\u00e1si k\u00e9rd\u00e9sekkel foglalkoz\u00f3 szerepl\u0151k alkotj\u00e1k.<\/div>\n<div lang=\"hu\"><\/div>\n<div lang=\"hu\">A\u00a040 oldalas foly\u00f3irat n\u00e9gy tematikus egys\u00e9gb\u0151l \u00e1ll: egy\u00a0tematikus blokkb\u00f3l, ami valamilyen kiemelt t\u00e9mak\u00f6rrel foglalkozik; pedag\u00f3giai-pszichol\u00f3giai orient\u00e1lts\u00e1g\u00fa szakcikkekb\u0151l; szaktant\u00e1rgyakkal kapcsolatos elm\u00e9leti tanulm\u00e1nyokb\u00f3l \u00e9s\u00a0m\u00f3dszertani jelleg\u0171 szakcikkekb\u0151l; valamint a\u00a0felvid\u00e9ki iskol\u00e1kr\u00f3l \u00e9s\u00a0oktat\u00e1s\u00fcggyel foglalkoz\u00f3 int\u00e9zm\u00e9nyekr\u0151l, szervezetekr\u0151l sz\u00f3l\u00f3 tud\u00f3s\u00edt\u00e1sokb\u00f3l \u00e9p\u00fcl fel.<\/div>\n<div lang=\"hu\"><\/div>\n<div lang=\"hu\">A\u00a0jubileumi XXX. \u00e9vfolyam alkalm\u00e1b\u00f3l, 2022 szeptember\u00e9t\u0151l a\u00a0foly\u00f3iraton bel\u00fcl 2-3 cikk anonim recenz\u00e1l\u00e1si folyamaton megy kereszt\u00fcl. A\u00a0b\u00edr\u00e1l\u00e1sr\u00f3l a\u00a0cikk v\u00e9g\u00e9n szerepl\u0151 megjegyz\u00e9s ad h\u00edrt.<\/div>\n","protected":false},"excerpt":{"rendered":"<p>A\u00a0Katedra foly\u00f3irat a\u00a0Katedra csoport\u00a0r\u00e9sz\u00e9t k\u00e9pezi, amely m\u00e1s-m\u00e1s tev\u00e9kenys\u00e9get megval\u00f3s\u00edt\u00f3, m\u00e9gis k\u00f6z\u00f6s c\u00e9lokat k\u00f6vet\u0151 h\u00e1rom egys\u00e9gb\u0151l \u00e1ll: a\u00a0Katedra foly\u00f3iratb\u00f3l, a\u00a0Katedra-versenyekb\u0151l \u00e9s\u00a0a\u00a0Katedra T\u00e1rsas\u00e1gb\u00f3l.\u00a0Minden egys\u00e9g a\u00a0maga eszk\u00f6zeivel, lehet\u0151s\u00e9geivel t\u00f6rekszik a\u00a0felvid\u00e9ki nevel\u0151-oktat\u00f3 munka, a\u00a0k\u00f6zoktat\u00e1s, \u00e9s\u00a0a\u00a0pedag\u00f3gusk\u00e9pz\u00e9s folyamatos min\u0151s\u00e9g\u00e9nek el\u0151mozd\u00edt\u00e1s\u00e1ra, emel\u00e9s\u00e9re. A\u00a0Katedra foly\u00f3irat egy\u00a0Szlov\u00e1ki\u00e1ban megjelen\u0151 pedag\u00f3giai-szakm\u00f3dszertani havilap, ami a\u00a0tan\u00e9vet k\u00eds\u00e9rve \u00e9vfolyamonk\u00e9nt t\u00edzszer, szeptembert\u0151l j\u00faniusig jelenik meg. Els\u0151 sz\u00e1ma 1993-ban l\u00e1tott napvil\u00e1got [&hellip;]<\/p>\n","protected":false},"author":1,"featured_media":0,"parent":0,"menu_order":0,"comment_status":"closed","ping_status":"closed","template":"","meta":{"_acf_changed":false,"_lmt_disableupdate":"","_lmt_disable":"","footnotes":""},"class_list":["post-165","page","type-page","status-publish","hentry"],"acf":[],"_links":{"self":[{"href":"https:\/\/katedra.sk\/folyoirat\/wp-json\/wp\/v2\/pages\/165","targetHints":{"allow":["GET"]}}],"collection":[{"href":"https:\/\/katedra.sk\/folyoirat\/wp-json\/wp\/v2\/pages"}],"about":[{"href":"https:\/\/katedra.sk\/folyoirat\/wp-json\/wp\/v2\/types\/page"}],"author":[{"embeddable":true,"href":"https:\/\/katedra.sk\/folyoirat\/wp-json\/wp\/v2\/users\/1"}],"replies":[{"embeddable":true,"href":"https:\/\/katedra.sk\/folyoirat\/wp-json\/wp\/v2\/comments?post=165"}],"version-history":[{"count":0,"href":"https:\/\/katedra.sk\/folyoirat\/wp-json\/wp\/v2\/pages\/165\/revisions"}],"wp:attachment":[{"href":"https:\/\/katedra.sk\/folyoirat\/wp-json\/wp\/v2\/media?parent=165"}],"curies":[{"name":"wp","href":"https:\/\/api.w.org\/{rel}","templated":true}]}}