{"id":49,"date":"2023-08-27T23:07:48","date_gmt":"2023-08-27T21:07:48","guid":{"rendered":"http:\/\/katedra.akrisagency.eu\/?page_id=49"},"modified":"2026-08-29T13:29:25","modified_gmt":"2026-08-29T11:29:25","slug":"a-katedra-versenyekrol","status":"publish","type":"page","link":"https:\/\/katedra.sk\/versenyek\/","title":{"rendered":"A Katedra-versenyekr\u0151l"},"content":{"rendered":"\t\t<div data-elementor-type=\"wp-page\" data-elementor-id=\"49\" class=\"elementor elementor-49\" data-elementor-post-type=\"page\">\n\t\t\t\t<div class=\"elementor-element elementor-element-20da799 e-con-full e-flex e-con e-parent\" data-id=\"20da799\" data-element_type=\"container\" data-e-type=\"container\">\n\t\t\t\t<div class=\"elementor-element elementor-element-f63ecbc elementor-widget elementor-widget-text-editor\" data-id=\"f63ecbc\" data-element_type=\"widget\" data-e-type=\"widget\" data-widget_type=\"text-editor.default\">\n\t\t\t\t<div class=\"elementor-widget-container\">\n\t\t\t\t\t\t\t\t\t\n<p class=\"wp-block-paragraph\">A\u00a0Katedra-versenyek a\u00a0<strong>Katedra csoport<\/strong>\u00a0r\u00e9sz\u00e9t k\u00e9pezik. A\u00a0Katedra csoport h\u00e1rom, m\u00e1s-m\u00e1s tev\u00e9kenys\u00e9get megval\u00f3s\u00edt\u00f3, m\u00e9gis k\u00f6z\u00f6s c\u00e9lokat k\u00f6vet\u0151 egys\u00e9gb\u0151l \u00e1ll: a\u00a0Katedra foly\u00f3iratb\u00f3l, a\u00a0Katedra-versenyekb\u0151l \u00e9s\u00a0a\u00a0Katedra T\u00e1rsas\u00e1gb\u00f3l. Minden egys\u00e9g a\u00a0maga eszk\u00f6zeivel, lehet\u0151s\u00e9geivel t\u00f6rekszik a\u00a0felvid\u00e9ki nevel\u0151-oktat\u00f3 munka, a\u00a0k\u00f6zoktat\u00e1s, \u00e9s\u00a0a\u00a0pedag\u00f3gusk\u00e9pz\u00e9s folyamatos min\u0151s\u00e9g\u00e9nek el\u0151mozd\u00edt\u00e1s\u00e1ra, emel\u00e9s\u00e9re. A\u00a0Katedra csoport elind\u00edt\u00f3ja \u00e9s\u00a0fenntart\u00f3ja a\u00a0Katedra Alap\u00edtv\u00e1ny.<\/p>\n\t\t\t\t\t\t\t\t<\/div>\n\t\t\t\t<\/div>\n\t\t\t\t<div class=\"elementor-element elementor-element-81541b1 elementor-hidden-desktop elementor-hidden-laptop elementor-hidden-tablet elementor-hidden-mobile elementor-widget elementor-widget-heading\" data-id=\"81541b1\" data-element_type=\"widget\" data-e-type=\"widget\" data-widget_type=\"heading.default\">\n\t\t\t\t<div class=\"elementor-widget-container\">\n\t\t\t\t\t<h3 class=\"elementor-heading-title elementor-size-default\">Aktu\u00e1lis versenyeink<\/h3>\t\t\t\t<\/div>\n\t\t\t\t<\/div>\n\t\t<div class=\"elementor-element elementor-element-2b8d2e7 e-con-full elementor-hidden-desktop elementor-hidden-laptop elementor-hidden-tablet elementor-hidden-mobile e-flex e-con e-child\" data-id=\"2b8d2e7\" data-element_type=\"container\" data-e-type=\"container\" data-settings=\"{&quot;background_background&quot;:&quot;classic&quot;}\">\n\t\t<div class=\"elementor-element elementor-element-069861d e-con-full e-flex e-con e-child\" data-id=\"069861d\" data-element_type=\"container\" data-e-type=\"container\" data-settings=\"{&quot;background_background&quot;:&quot;classic&quot;}\">\n\t\t\t\t<div class=\"elementor-element elementor-element-9fdaff9 elementor-widget elementor-widget-heading\" data-id=\"9fdaff9\" data-element_type=\"widget\" data-e-type=\"widget\" data-widget_type=\"heading.default\">\n\t\t\t\t<div class=\"elementor-widget-container\">\n\t\t\t\t\t<h2 class=\"elementor-heading-title elementor-size-default\">Katedra Matematikaverseny<\/h2>\t\t\t\t<\/div>\n\t\t\t\t<\/div>\n\t\t\t\t<div class=\"elementor-element elementor-element-a7e13f0 elementor-widget elementor-widget-button\" data-id=\"a7e13f0\" data-element_type=\"widget\" data-e-type=\"widget\" data-widget_type=\"button.default\">\n\t\t\t\t<div class=\"elementor-widget-container\">\n\t\t\t\t\t\t\t\t\t<div class=\"elementor-button-wrapper\">\n\t\t\t\t\t<a class=\"elementor-button elementor-button-link elementor-size-sm\" href=\"\/versenyek\/matematikaverseny\/\">\n\t\t\t\t\t\t<span class=\"elementor-button-content-wrapper\">\n\t\t\t\t\t\t\t\t\t<span class=\"elementor-button-text\">Tov\u00e1bb a versenyre<\/span>\n\t\t\t\t\t<\/span>\n\t\t\t\t\t<\/a>\n\t\t\t\t<\/div>\n\t\t\t\t\t\t\t\t<\/div>\n\t\t\t\t<\/div>\n\t\t\t\t<\/div>\n\t\t<div class=\"elementor-element elementor-element-76a9959 e-con-full e-flex e-con e-child\" data-id=\"76a9959\" data-element_type=\"container\" data-e-type=\"container\" data-settings=\"{&quot;background_background&quot;:&quot;classic&quot;}\">\n\t\t<div class=\"elementor-element elementor-element-9acdb8c e-con-full e-flex e-con e-child\" data-id=\"9acdb8c\" data-element_type=\"container\" data-e-type=\"container\" data-settings=\"{&quot;background_background&quot;:&quot;classic&quot;}\">\n\t\t\t\t<\/div>\n\t\t\t\t<div class=\"elementor-element elementor-element-f678ee4 elementor-widget elementor-widget-heading\" data-id=\"f678ee4\" data-element_type=\"widget\" data-e-type=\"widget\" data-widget_type=\"heading.default\">\n\t\t\t\t<div class=\"elementor-widget-container\">\n\t\t\t\t\t<h2 class=\"elementor-heading-title elementor-size-default\">Katedra T\u00f6rt\u00e9nelemverseny<\/h2>\t\t\t\t<\/div>\n\t\t\t\t<\/div>\n\t\t\t\t<div class=\"elementor-element elementor-element-826315c elementor-widget elementor-widget-text-editor\" data-id=\"826315c\" data-element_type=\"widget\" data-e-type=\"widget\" data-widget_type=\"text-editor.default\">\n\t\t\t\t<div class=\"elementor-widget-container\">\n\t\t\t\t\t\t\t\t\t<p style=\"text-align: center;\">Ahogy m\u00e1r a t\u00f6rt\u00e9nelemverseny legut\u00f3bbi nyitrai d\u00f6nt\u0151j\u00e9n is felv\u00e1zoltam, az 2023\/2024-es tan\u00e9v t\u00e9m\u00e1ja az els\u0151 vil\u00e1gh\u00e1bor\u00fa lesz.<\/p>\t\t\t\t\t\t\t\t<\/div>\n\t\t\t\t<\/div>\n\t\t\t\t<div class=\"elementor-element elementor-element-461caf8 elementor-widget elementor-widget-button\" data-id=\"461caf8\" data-element_type=\"widget\" data-e-type=\"widget\" data-widget_type=\"button.default\">\n\t\t\t\t<div class=\"elementor-widget-container\">\n\t\t\t\t\t\t\t\t\t<div class=\"elementor-button-wrapper\">\n\t\t\t\t\t<a class=\"elementor-button elementor-button-link elementor-size-sm\" href=\"\/versenyek\/tortenelemverseny\/\">\n\t\t\t\t\t\t<span class=\"elementor-button-content-wrapper\">\n\t\t\t\t\t\t\t\t\t<span class=\"elementor-button-text\">Tov\u00e1bb a versenyre<\/span>\n\t\t\t\t\t<\/span>\n\t\t\t\t\t<\/a>\n\t\t\t\t<\/div>\n\t\t\t\t\t\t\t\t<\/div>\n\t\t\t\t<\/div>\n\t\t\t\t<\/div>\n\t\t<div class=\"elementor-element elementor-element-aa57706 e-con-full e-flex e-con e-child\" data-id=\"aa57706\" data-element_type=\"container\" data-e-type=\"container\" data-settings=\"{&quot;background_background&quot;:&quot;classic&quot;}\">\n\t\t\t\t<div class=\"elementor-element elementor-element-f9782a8 elementor-widget elementor-widget-heading\" data-id=\"f9782a8\" data-element_type=\"widget\" data-e-type=\"widget\" data-widget_type=\"heading.default\">\n\t\t\t\t<div class=\"elementor-widget-container\">\n\t\t\t\t\t<h2 class=\"elementor-heading-title elementor-size-default\">Katedra Irodalomverseny<\/h2>\t\t\t\t<\/div>\n\t\t\t\t<\/div>\n\t\t\t\t<div class=\"elementor-element elementor-element-190e729 elementor-widget elementor-widget-button\" data-id=\"190e729\" data-element_type=\"widget\" data-e-type=\"widget\" data-widget_type=\"button.default\">\n\t\t\t\t<div class=\"elementor-widget-container\">\n\t\t\t\t\t\t\t\t\t<div class=\"elementor-button-wrapper\">\n\t\t\t\t\t<a class=\"elementor-button elementor-button-link elementor-size-sm\" href=\"\/versenyek\/matematikaverseny\/\">\n\t\t\t\t\t\t<span class=\"elementor-button-content-wrapper\">\n\t\t\t\t\t\t\t\t\t<span class=\"elementor-button-text\">Tov\u00e1bb a versenyre<\/span>\n\t\t\t\t\t<\/span>\n\t\t\t\t\t<\/a>\n\t\t\t\t<\/div>\n\t\t\t\t\t\t\t\t<\/div>\n\t\t\t\t<\/div>\n\t\t\t\t<\/div>\n\t\t\t\t<\/div>\n\t\t\t\t<div class=\"elementor-element elementor-element-c9a8441 elementor-widget elementor-widget-text-editor\" data-id=\"c9a8441\" data-element_type=\"widget\" data-e-type=\"widget\" data-widget_type=\"text-editor.default\">\n\t\t\t\t<div class=\"elementor-widget-container\">\n\t\t\t\t\t\t\t\t\t<h3>A\u00a0Katedra-versenyek profilja<\/h3>\n<p><!-- \/wp:heading -->\n\n<!-- wp:paragraph --><\/p>\n<p>A Katedra-versenyek olyan, felvid\u00e9ki gyakorl\u00f3 pedag\u00f3gusok \u00e1ltal szervezett, saj\u00e1t fejleszt\u00e9s\u0171, orsz\u00e1gos szaktant\u00e1rgyversenyek, melyek a felvid\u00e9ki magyar alapiskol\u00e1sok sz\u00e1m\u00e1ra sz\u00f3lnak. A versenyek f\u0151 c\u00e9lja a szakt\u00e1rgyi ismeretek \u00e9s kompetenci\u00e1k b\u0151v\u00edt\u00e9se, a kritikai k\u00e9szs\u00e9g, probl\u00e9mamegold\u00e1s \u00e9s kreativit\u00e1s fejleszt\u00e9se, valamint a tehets\u00e9ggondoz\u00e1s el\u0151seg\u00edt\u00e9se. <br \/>A\u00a0Katedra Matematikaverseny egy\u00e9ni, a\u00a0t\u00f6bbi verseny 3 f\u0151s csapatversenyk\u00e9nt m\u0171k\u00f6dik. A\u00a0Katedra Als\u00f3 tagozatos Versenyt lesz\u00e1m\u00edtva a\u00a0verseny c\u00e9lk\u00f6z\u00f6ns\u00e9g\u00e9t az\u00a0alapiskol\u00e1k fels\u0151 tagozatos tanul\u00f3i, valamint a\u00a0kisgimn\u00e1ziumok 1\u20114. oszt\u00e1lyosai alkotj\u00e1k. A Katedra Matematikaverseny 5 kateg\u00f3ri\u00e1ban (5., 6., 7., 8., 9.\u00a0oszt\u00e1lyosok sz\u00e1m\u00e1ra), a\u00a0Katedra Irodalomverseny 2 kateg\u00f3ri\u00e1ban (5\u20116. \u00e9s\u00a07\u20119.\u00a0oszt\u00e1lyosok sz\u00e1m\u00e1ra) zajlik.<\/p>\n<p><!-- \/wp:paragraph -->\n\n<!-- wp:heading {\"level\":3} --><\/p>\n<h3>A\u00a0Katedra-versenyek t\u00f6rt\u00e9nete<\/h3>\n<p><!-- \/wp:heading -->\n\n<!-- wp:paragraph --><\/p>\n<p>A Katedra-versenyek Katedra foly\u00f3irat mell\u00e9kletek\u00e9nt jelennek meg 1995 \u00f3ta. 2021 \u0151sz\u00e9t\u0151l kiz\u00e1r\u00f3lag online m\u00f3don \u00e9rhet\u0151k el a\u00a0 <a href=\"https:\/\/katedra.sk\/katedra-versenyek\/\" target=\"_blank\" rel=\"noreferrer noopener\">https:\/\/katedra.sk\/katedra-versenyek\/<\/a> oldalon. Az 1995 \u00f3ta m\u0171k\u00f6d\u0151 versenycsokor tartalma az\u00a0aktu\u00e1lis \u00e9rdekl\u0151d\u00e9s alapj\u00e1n folyamatosan v\u00e1ltozott. Az\u00a0k\u00f6vetkez\u0151 versenyek m\u0171k\u00f6dtek ezid\u00e1ig:<br \/>Jelenleg is m\u0171k\u00f6d\u0151 versenyek:<\/p>\n<p><!-- \/wp:paragraph -->\n\n<!-- wp:list --><\/p>\n<ul>\n<li style=\"list-style-type: none;\">\n<ul><!-- wp:list-item --><\/ul>\n<\/li>\n<\/ul>\n<ul>\n<li style=\"list-style-type: none;\">\n<ul>\n<li><strong>Katedra Matematikaverseny<\/strong>, 1996-t\u0151l m\u00e1ig. Versenyszervez\u0151: <a href=\"\/versenyek\/matematikaverseny\/kapcsolat\/\">Horv\u00e1th G\u00e9za<\/a> (1996-2005), <a href=\"https:\/\/katedra.sk\/versenyek\/matematikaverseny\/kapcsolat#rovatvezetok\">Bajcsi Barnab\u00e1s<\/a> \u00e9s\u00a0<a href=\"https:\/\/katedra.sk\/versenyek\/matematikaverseny\/kapcsolat#rovatvezetok\">Kiss Szilvia<\/a> (2025-t\u0151l m\u00e1ig)<\/li>\n<\/ul>\n<\/li>\n<\/ul>\n<p><!-- \/wp:list-item -->\n\n<!-- wp:list-item --><\/p>\n<ul>\n<li style=\"list-style-type: none;\">\n<ul>\n<li><strong>Katedra Irodalomverseny<\/strong>, 1997-t\u0151l m\u00e1ig. Versenyszervez\u0151k: B\u00e1rczi Zs\u00f3fia (1997\u20132000), Simon Be\u00e1ta (2001\u20132003), P\u00e9nzes Istv\u00e1n (2003\u20132012), <a href=\"https:\/\/katedra.sk\/polgari-tarsulas\/kapcsolat\/\">Petres Csizmadia Gabriella<\/a> (2012\u20132018), <a href=\"\/versenyek\/irodalomverseny\/kapcsolat\/\">T\u00f3th M\u00f3nika<\/a> (2018-t\u00f3l m\u00e1ig)<\/li>\n<\/ul>\n<\/li>\n<\/ul>\n<p><!-- \/wp:list-item -->\n\n<!-- wp:list-item --><\/p>\n<ul>\n<li style=\"list-style-type: none;\">\n<ul>\n<li><strong>Katedra T\u00f6rt\u00e9nelemverseny<\/strong>, 1997-t\u0151l m\u00e1ig. Versenyszervez\u0151k: Simon Attila (1997\u20132003), F\u00f6ldes J\u00f3zsef (2004\u20132012), Presinszk\u00fd Kir\u00e1ly \u00c1gnes (2012\u20132017), Angyal L\u00e1szl\u00f3 (2017\u20132020), <a href=\"\/versenyek\/tortenelemverseny\/kapcsolat\/\">Elek J\u00f3zsef<\/a> (2020-t\u00f3l m\u00e1ig)<\/li>\n<\/ul>\n<\/li>\n<\/ul>\n<p><!-- \/wp:list-item -->\n\n<!-- wp:list-item --><\/p>\n<ul>\n<li style=\"list-style-type: none;\">\n<ul>\n<li><strong>Katedra Als\u00f3 Tagozatos Verseny<\/strong>, 2001-t\u0151l m\u00e1ig. Versenyszervez\u0151k: V\u00e1rady Korn\u00e9lia (2001\u20132005), Csiba L\u00eddia (2005\u20132014), Radv\u00e1nyi Ad\u00e9l (2014\u20132018), <a href=\"\/versenyek\/alsotag-verseny\/kapcsolat\/\">Herdics Kalocs\u00e1nyi M\u00f3nika<\/a> (2018-t\u00f3l m\u00e1ig)<\/li>\n<\/ul>\n<\/li>\n<\/ul>\n<p><!-- \/wp:list-item -->\n\n<!-- wp:list-item --><\/p>\n<ul>\n<li style=\"list-style-type: none;\">\n<ul>\n<li><strong>V\u00e1mb\u00e9ry \u00c1rmin F\u00f6ldrajzverseny<\/strong>, 2007-t\u0151l m\u00e1ig. Versenyszervez\u0151k: Vallern\u00e9 Kov\u00e1cs Anna (2007\u20132010), L\u00e1szl\u00f3 \u00c1rp\u00e1d (2011\u20132012), Vincze Anghely Klaudia (2012\u20132013), Arday Istv\u00e1n (2013\u20132015), <a href=\"\/versenyek\/foldrajzverseny\/kapcsolat\/\">T\u00f3th Tibor<\/a> (2015-t\u0151l m\u00e1ig)<\/li>\n<\/ul>\n<\/li>\n<\/ul>\n<p><!-- \/wp:list-item -->\n\n<!-- wp:list-item --><\/p>\n<ul>\n<li style=\"list-style-type: none;\">\n<ul>\n<li><strong>P\u00e9nzes Istv\u00e1n Anyanyelvi Vet\u00e9lked\u0151<\/strong>, 2013-t\u00f3l m\u00e1ig. Versenyszervez\u0151k: <a href=\"https:\/\/katedra.sk\/polgari-tarsulas\/kapcsolat\/\">Petres Csizmadia Gabriella<\/a> (2013\u20132018), T\u00f3th Katalin (2018-t\u00f3l 2023-ig), <a href=\"\/versenyek\/anyanyelvi-vetelkedo\/kapcsolat\/\">Orisko \u00c9va<\/a> (2023-t\u00f3l m\u00e1ig)<\/li>\n<\/ul>\n<\/li>\n<\/ul>\n<p><!-- \/wp:list-item --><\/p>\n<p><!-- \/wp:list -->\n\n<!-- wp:paragraph --><\/p>\n<p>&nbsp;<\/p>\n<p><!-- \/wp:paragraph -->\n\n<!-- wp:paragraph --><\/p>\n<p>Kor\u00e1bbi versenyek:<\/p>\n<p><!-- \/wp:paragraph -->\n\n<!-- wp:list --><\/p>\n<ul>\n<li style=\"list-style-type: none;\">\n<ul><!-- wp:list-item --><\/ul>\n<\/li>\n<\/ul>\n<ul>\n<li style=\"list-style-type: none;\">\n<ul>\n<li><strong>Katedra Fizikaverseny<\/strong>, 1996\/1997. Versenyszervez\u0151: Nagy Ter\u00e9z<\/li>\n<\/ul>\n<\/li>\n<\/ul>\n<p><!-- \/wp:list-item -->\n\n<!-- wp:list-item --><\/p>\n<ul>\n<li style=\"list-style-type: none;\">\n<ul>\n<li><strong>Katedra F\u00f6ldrajzverseny<\/strong>, 1997\/1998. Versenyszervez\u0151: Varga Gizella<\/li>\n<\/ul>\n<\/li>\n<\/ul>\n<p><!-- \/wp:list-item -->\n\n<!-- wp:list-item --><\/p>\n<ul>\n<li style=\"list-style-type: none;\">\n<ul>\n<li><strong>Term\u00e9szet- \u00e9s K\u00f6rnyezetv\u00e9delem<\/strong>, 2003\u20132012. Versenyszervez\u0151k: Has\u00e1k Gy\u00f6rgy (2003\u20132005), Nagy Fl\u00f3ri\u00e1n (2005\u20132007), Pomichal M\u00e1ria (2008\u20132012)<\/li>\n<\/ul>\n<\/li>\n<\/ul>\n<p><!-- \/wp:list-item -->\n\n<!-- wp:list-item --><\/p>\n<ul>\n<li style=\"list-style-type: none;\">\n<ul>\n<li><strong>Katedra K\u00e9pz\u0151m\u0171v\u00e9szeti Verseny<\/strong>, 2007\u20132012. versenyszervez\u0151: Fodor M\u00e1ria (2007\u20132012)<\/li>\n<\/ul>\n<\/li>\n<\/ul>\n<p><!-- \/wp:list-item -->\n\n<!-- wp:list-item --><\/p>\n<ul>\n<li style=\"list-style-type: none;\">\n<ul>\n<li><strong>A\u00a0j\u00f6v\u0151 Kelet-kutat\u00f3i nyom\u00e1ban<\/strong>, 2010\u20132011. Versenyszervez\u0151: Kov\u00e1cs Attila (2010\u20132011)<\/li>\n<\/ul>\n<\/li>\n<\/ul>\n<p><!-- \/wp:list-item --><\/p>\n<p><!-- \/wp:list -->\n\n<!-- wp:heading {\"level\":3} --><\/p>\n<h3>A\u00a0Katedra-versenyek strukt\u00far\u00e1ja<\/h3>\n<p><!-- \/wp:heading -->\n\n<!-- wp:paragraph --><\/p>\n<p style=\"text-align: justify;\">A\u00a0Katedra-versenyek v\u00e9gigk\u00eds\u00e9rik az\u00a0eg\u00e9sz tan\u00e9ves munk\u00e1t.<\/p>\n<p style=\"text-align: justify;\">A 2026\/2027-es tan\u00e9vt\u0151l a csapatversenyek tov\u00e1bbjut\u00e1sos rendszerben, h\u00e1rom szinten val\u00f3sulnak meg:<\/p>\n<ul style=\"list-style-type: '- ' !important; text-align: justify;\">\n<li style=\"text-align: justify;\"><strong>SELEJTEZ\u0150<\/strong> (az iskolai fordul\u00f3 szintje): A selejtez\u0151t minden iskola \u00f6n\u00e1ll\u00f3an bonyol\u00edtja le, korl\u00e1tlan sz\u00e1m\u00fa csapat bekapcsol\u00f3d\u00e1s\u00e1val. A\u00a0r\u00e9szv\u00e9tel felt\u00e9tele a\u00a0lent let\u00f6lthet\u0151 feladatlap kit\u00f6lt\u00e9se, melyet a\u00a0felk\u00e9sz\u00edt\u0151 pedag\u00f3gusok \u00e9rt\u00e9kelnek. <em>A\u00a0selejtez\u0151 megold\u00e1sait nem kell bek\u00fcldeni,<\/em> azonban az\u00a0eredm\u00e9nyek alapj\u00e1n <strong>minden iskola 5\u00a0legjobb csapata<\/strong> regisztr\u00e1lhat a\u00a0levelez\u0151s versenybe. A\u00a0szeptember\u00a01-t\u0151l el\u00e9rhet\u0151 selejtez\u0151t <strong>szeptember\u00a030-ig<\/strong> bonyol\u00edtj\u00e1k le az\u00a0iskol\u00e1k.<\/li>\n<li style=\"text-align: justify;\"><strong>LEVELEZ\u0150S FORDUL\u00d3K<\/strong> (az el\u0151d\u00f6nt\u0151 szintje): Ez a\u00a0szakasz 4\u00a0fordul\u00f3b\u00f3l \u00e1ll, minden fordul\u00f3 egy\u00a0feladatlap kit\u00f6lt\u00e9s\u00e9t ig\u00e9nyli. A\u00a0levelez\u0151s fordul\u00f3kba val\u00f3 r\u00e9szv\u00e9tel felt\u00e9tele a\u00a0selejtez\u0151 sikeres abszolv\u00e1l\u00e1sa, az\u00a0online nevez\u00e9si lap kit\u00f6lt\u00e9se, a\u00a0regisztr\u00e1ci\u00f3s d\u00edj befizet\u00e9se \u00e9s\u00a0a\u00a04\u00a0feladatlap megold\u00e1sainak visszak\u00fcld\u00e9se. Az\u00a0egyes fordul\u00f3k feladatai a\u00a0Levelez\u0151s verseny\u00a0<strong>Kit\u0171z\u00f6tt feladatok<\/strong> f\u00fcle alatt jelennek meg\u00a0<strong>szeptember\u00a016-\u00e1n, okt\u00f3ber\u00a01-j\u00e9n, november\u00a02-\u00e1n \u00e9s\u00a0december\u00a01-j\u00e9n<\/strong>. A\u00a0megold\u00e1sok bek\u00fcld\u00e9si hat\u00e1ridej\u00e9t minden feladatlapon k\u00fcl\u00f6n felt\u00fcntetj\u00fck. A\u00a0megold\u00e1sokat e-mail-en kereszt\u00fcl vagy postai \u00faton k\u00fcldhetik el a\u00a0<a href=\"https:\/\/katedra.sk\/versenyek\/irodalomverseny\/kapcsolat\/\"><strong>Kapcsolat<\/strong><\/a>\u00a0f\u00fcl alatt tal\u00e1lhat\u00f3, adott versenyhez tartoz\u00f3 c\u00edmre. A\u00a0legjobb eredm\u00e9nyt el\u00e9rt 15\u00a0csapat megh\u00edv\u00e1st nyer a\u00a0d\u00f6nt\u0151re. A\u00a0levelez\u0151s fordul\u00f3k eredm\u00e9nyei m\u00e1rcius k\u00f6zep\u00e9n \u00e9rhet\u0151k el a\u00a0versenyek aloldalain.<\/li>\n<li style=\"text-align: justify;\"><strong>D\u00d6NT\u0150<\/strong> (az orsz\u00e1gos fordul\u00f3 szintje): A d\u00f6nt\u0151 szem\u00e9lyes tal\u00e1lkoz\u00e1son alapul\u00f3 megm\u00e9rettet\u00e9s, amely a\u00a0levelez\u0151s fordul\u00f3kb\u00f3l ismert t\u00e9ma k\u00f6r\u00e9 fon\u00f3dik. M\u00edg a\u00a0levelez\u0151s fordul\u00f3kon egy\u00a0iskol\u00e1t 5\u00a0csapat is k\u00e9pviselhet, a\u00a0d\u00f6nt\u0151n felk\u00e9sz\u00edt\u0151k\u00e9nt csup\u00e1n egy-egy csapat m\u00e9rk\u0151zhet meg. A\u00a0Katedra-versenyek d\u00f6nt\u0151i m\u00e1rcius\u2013j\u00fanius k\u00f6z\u00f6tt val\u00f3sulnak meg. A\u00a0d\u00f6nt\u0151 feladatai a\u00a0tan\u00e9v v\u00e9g\u00e9n szint\u00e9n el\u00e9rhet\u0151k az\u00a0adott verseny oldal\u00e1n. A\u00a0d\u00f6nt\u0151n r\u00e9szt vett csapatok elismer\u0151 oklev\u00e9lben \u00e9s\u00a0aj\u00e1nd\u00e9kban r\u00e9szes\u00fclnek.<\/li>\n<\/ul><p>\n<p style=\"text-align: justify;\">Az&nbsp;egy\u00e9ni versenyek strukt\u00far\u00e1ja a&nbsp;k\u00f6vetkez\u0151, h\u00e1roml\u00e9pcs\u0151s, tov\u00e1bbjut\u00e1sos rendszerben m\u0171k\u00f6dik:<\/p>\n<ul style=\"list-style-type: '- ' !important; text-align: justify;\">\n<li style=\"text-align: justify;\"><strong>LEVELEZ\u0150S FORDUL\u00d3K<\/strong>: Ez a\u00a0szakasz 4\u00a0fordul\u00f3b\u00f3l \u00e1ll, minden fordul\u00f3 egy\u00a0feladatlap kit\u00f6lt\u00e9s\u00e9t ig\u00e9nyli. A\u00a0levelez\u0151s fordul\u00f3kba val\u00f3 r\u00e9szv\u00e9tel felt\u00e9tele az\u00a0online nevez\u00e9si lap kit\u00f6lt\u00e9se, a\u00a0regisztr\u00e1ci\u00f3s d\u00edj befizet\u00e9se \u00e9s\u00a0a\u00a04\u00a0feladatlap megold\u00e1sainak visszak\u00fcld\u00e9se. Az\u00a0egyes fordul\u00f3k feladatai a\u00a0Levelez\u0151s verseny\u00a0<strong>Kit\u0171z\u00f6tt feladatok <\/strong>f\u00fcle alatt jelennek meg\u00a0<strong>szeptember\u00a01-j\u00e9n, okt\u00f3ber\u00a01-j\u00e9n, november\u00a02-\u00e1n \u00e9s\u00a0december\u00a01-j\u00e9n<\/strong>. A\u00a0megold\u00e1sok bek\u00fcld\u00e9si hat\u00e1ridej\u00e9t minden feladatlapon k\u00fcl\u00f6n felt\u00fcntetj\u00fck. A\u00a0megold\u00e1sokat e-mail-en kereszt\u00fcl vagy postai \u00faton k\u00fcldhetik el a\u00a0<strong>Kapcsolat<\/strong>\u00a0f\u00fcl alatt tal\u00e1lhat\u00f3, adott versenyhez tartoz\u00f3 c\u00edmre. A\u00a0legjobb eredm\u00e9nyt el\u00e9rt versenyz\u0151k megh\u00edv\u00e1st nyernek az&nbsp;el\u0151d\u00f6nt\u0151re. A\u00a0levelez\u0151s fordul\u00f3k eredm\u00e9nyei m\u00e1rcius k\u00f6zep\u00e9n \u00e9rhet\u0151k el a\u00a0versenyek aloldalain.<\/li>\n<li style=\"text-align: justify;\"><strong>ORSZ\u00c1GOS EL\u0150D\u00d6NT\u0150<\/strong>: Az\u00a0el\u0151d\u00f6nt\u0151 szem\u00e9lyes tal\u00e1lkoz\u00e1son alapul, \u00e9s&nbsp;k\u00e9t helysz\u00ednen, azonos id\u0151pontban val\u00f3sul meg a&nbsp;tavasz folyam\u00e1n. Az\u00a0el\u0151d\u00f6nt\u0151be azok a\u00a0tanul\u00f3k ker\u00fclnek be, akik a\u00a0levelez\u0151s fordul\u00f3k lez\u00e1r\u00e1s\u00e1t k\u00f6vet\u0151en a\u00a0szervez\u0151k \u00e1ltal meghat\u00e1rozott pontsz\u00e1mhat\u00e1rt el\u00e9rik.<\/li>\n<li style=\"text-align: justify;\"><strong>D\u00d6NT\u0150<\/strong>: A d\u00f6nt\u0151 szem\u00e9lyes tal\u00e1lkoz\u00e1son alapul\u00f3 megm\u00e9rettet\u00e9s, amelyen az\u00a0el\u0151d\u00f6nt\u0151 sikeres szerepl\u0151i vesznek r\u00e9szt. Az&nbsp;orsz\u00e1gos d\u00f6nt\u0151 m\u00e1jus folyam\u00e1n, a\u00a0dunaszerdahelyi Szab\u00f3 Gyula Alapiskol\u00e1ban val\u00f3sul meg. A\u00a0d\u00f6nt\u0151 feladatai a\u00a0tan\u00e9v v\u00e9g\u00e9n el\u00e9rhet\u0151k az\u00a0adott verseny oldal\u00e1n. A\u00a0d\u00f6nt\u0151n r\u00e9szt vett versenyz\u0151k elismer\u0151 oklev\u00e9lben \u00e9s\u00a0aj\u00e1nd\u00e9kban r\u00e9szes\u00fclnek.<\/li>\n<\/ul>\n<!-- \/wp:paragraph -->\n\n<!-- wp:heading {\"level\":3} --><\/p>\n<h3>Regisztr\u00e1ci\u00f3 \u00e9s lebonyol\u00edt\u00e1s<\/h3>\n<p><!-- \/wp:heading -->\n\n<!-- wp:paragraph --><\/p>\n<p style=\"text-align: justify;\">A\u00a0Katedra-versenyekbe csak az\u00a0<strong>adott verseny oldal\u00e1n regisztr\u00e1lt<\/strong>\u00a0 egy\u00e9nek (a matematikaverseny r\u00e9sztvev\u0151i) \u00e9s\u00a0csapatok (a t\u00f6bbi verseny r\u00e9sztvev\u0151i) kapcsol\u00f3dhatnak be. A regisztr\u00e1ci\u00f3 felt\u00e9telei:<\/p>\n<ol style=\"text-align: justify;\">\n<li>Csapatversenyek eset\u00e9n a&nbsp;levelez\u0151s szakaszba a&nbsp;selejtez\u0151n legjobban teljes\u00edt\u0151,\u00a0<strong>iskol\u00e1nk\u00e9nt maximum<\/strong>\u00a0<strong>5&nbsp;csapat<\/strong>\u00a0nevezhet be (b\u0151vebben l\u00e1sd: \u00c1ltal\u00e1nos inform\u00e1ci\u00f3k). Az&nbsp;egy\u00e9ni versenyekn\u00e9l b\u00e1rmennyi tanul\u00f3 benevezhet a&nbsp;levelez\u0151s versenybe.<br \/><br \/><\/li>\n<\/ol>\n<ol style=\"text-align: justify;\" start=\"2\">\n<li>A&nbsp;csapatok\/egy\u00e9nek kit\u00f6ltik a\u00a0<strong>Nevez\u00e9s<\/strong>\u00a0f\u00fcl alatt tal\u00e1lhat\u00f3\u00a0<strong>online nevez\u00e9si lapot.<\/strong><br \/><br \/><\/li>\n<li>Ezt k\u00f6vet\u0151en befizetik a <strong>nevez\u00e9si d\u00edjat<\/srong>.<br \/><br \/><\/strong><\/li>\n<\/ol>\n<p style=\"text-align: justify;\">Minden versenyre k\u00fcl\u00f6n kell regisztr\u00e1lni az adott verseny honlapj\u00e1n.<\/p>\n<p>Inform\u00e1ci\u00f3:<\/p>\n<ul>\n<li><a href=\"https:\/\/katedra.sk\/polgari-tarsulas\/kapcsolat\/\">Petres Csizmadia Gabriella<\/a>, a Katedra-versenyek koordin\u00e1tora: <a href=\"mailto:katedra.szerkesztoseg@gmail.com\">katedra.szerkesztoseg@gmail.com<\/a><\/li>\n<li><a href=\"https:\/\/katedra.sk\/polgari-tarsulas\/kapcsolat\/\">G\u00e1l Andrea<\/a>, a Katedra Polg\u00e1ri T\u00e1rsul\u00e1s \u00fcgyint\u00e9z\u0151je: <a href=\"mailto:katedrapolgaritarsulas@gmail.com\">katedrapolgaritarsulas@gmail.com<\/a>, +421951969021<\/li>\n<\/ul>\n<p><!-- \/wp:paragraph -->\n\n<!-- wp:heading {\"level\":3} --><!-- \/wp:paragraph -->\n\n<!-- wp:paragraph --><!-- \/wp:paragraph --><\/p>\t\t\t\t\t\t\t\t<\/div>\n\t\t\t\t<\/div>\n\t\t\t\t<\/div>\n\t\t\t\t<\/div>\n\t\t","protected":false},"excerpt":{"rendered":"<p>A\u00a0Katedra-versenyek a\u00a0Katedra csoport\u00a0r\u00e9sz\u00e9t k\u00e9pezik. A\u00a0Katedra csoport h\u00e1rom, m\u00e1s-m\u00e1s tev\u00e9kenys\u00e9get megval\u00f3s\u00edt\u00f3, m\u00e9gis k\u00f6z\u00f6s c\u00e9lokat k\u00f6vet\u0151 egys\u00e9gb\u0151l \u00e1ll: a\u00a0Katedra foly\u00f3iratb\u00f3l, a\u00a0Katedra-versenyekb\u0151l \u00e9s\u00a0a\u00a0Katedra T\u00e1rsas\u00e1gb\u00f3l. Minden egys\u00e9g a\u00a0maga eszk\u00f6zeivel, lehet\u0151s\u00e9geivel t\u00f6rekszik a\u00a0felvid\u00e9ki nevel\u0151-oktat\u00f3 munka, a\u00a0k\u00f6zoktat\u00e1s, \u00e9s\u00a0a\u00a0pedag\u00f3gusk\u00e9pz\u00e9s folyamatos min\u0151s\u00e9g\u00e9nek el\u0151mozd\u00edt\u00e1s\u00e1ra, emel\u00e9s\u00e9re. A\u00a0Katedra csoport elind\u00edt\u00f3ja \u00e9s\u00a0fenntart\u00f3ja a\u00a0Katedra Alap\u00edtv\u00e1ny. Aktu\u00e1lis versenyeink Katedra Matematikaverseny Tov\u00e1bb a versenyre Katedra T\u00f6rt\u00e9nelemverseny Ahogy m\u00e1r a t\u00f6rt\u00e9nelemverseny [&hellip;]<\/p>\n","protected":false},"author":1,"featured_media":0,"parent":0,"menu_order":0,"comment_status":"closed","ping_status":"closed","template":"","meta":{"_acf_changed":false,"footnotes":""},"class_list":["post-49","page","type-page","status-publish","hentry"],"acf":[],"_links":{"self":[{"href":"https:\/\/katedra.sk\/versenyek\/wp-json\/wp\/v2\/pages\/49","targetHints":{"allow":["GET"]}}],"collection":[{"href":"https:\/\/katedra.sk\/versenyek\/wp-json\/wp\/v2\/pages"}],"about":[{"href":"https:\/\/katedra.sk\/versenyek\/wp-json\/wp\/v2\/types\/page"}],"author":[{"embeddable":true,"href":"https:\/\/katedra.sk\/versenyek\/wp-json\/wp\/v2\/users\/1"}],"replies":[{"embeddable":true,"href":"https:\/\/katedra.sk\/versenyek\/wp-json\/wp\/v2\/comments?post=49"}],"version-history":[{"count":111,"href":"https:\/\/katedra.sk\/versenyek\/wp-json\/wp\/v2\/pages\/49\/revisions"}],"predecessor-version":[{"id":9580,"href":"https:\/\/katedra.sk\/versenyek\/wp-json\/wp\/v2\/pages\/49\/revisions\/9580"}],"wp:attachment":[{"href":"https:\/\/katedra.sk\/versenyek\/wp-json\/wp\/v2\/media?parent=49"}],"curies":[{"name":"wp","href":"https:\/\/api.w.org\/{rel}","templated":true}]}}